{"id":7845,"date":"2020-09-22T10:40:52","date_gmt":"2020-09-22T08:40:52","guid":{"rendered":"https:\/\/www.dekorativnifotografie.cz\/dekorativnifoto\/?post_type=product&#038;p=7845"},"modified":"2020-12-19T18:07:33","modified_gmt":"2020-12-19T17:07:33","slug":"kata-tjuta-australia","status":"publish","type":"product","link":"https:\/\/www.dekorativnifotografie.cz\/dekorativnifoto\/obchod\/krajiny\/kata-tjuta-australia\/","title":{"rendered":"Kata Tjuta, Australia"},"content":{"rendered":"<p style=\"text-align: center;\">Ka\u017ed\u00e1 fotografie je opat\u0159ena certifika\u010dn\u00edm \u0161t\u00edtkem s n\u00e1zvem, s\u00e9riov\u00fdm \u010d\u00edslem a origin\u00e1ln\u00edm podpisem autora. Fotografie jsou ti\u0161t\u011bny v maxim\u00e1ln\u00ed limitovan\u00e9 \u0159ad\u011b 200 ks. Ka\u017edou z nab\u00edzen\u00fdch fotografi\u00ed je mo\u017en\u00e9 objednat tak\u00e9 v jin\u00fdch rozm\u011brech, v barevn\u00e9, \u010di \u010dernob\u00edl\u00e9 variant\u011b.<\/p>\n","protected":false},"excerpt":{"rendered":"<p>Austr\u00e1lie je nesm\u00edrn\u011b fotogenickou zem\u00ed, co\u017e m\u011b vlastn\u011b p\u0159i prvn\u00ed n\u00e1v\u0161t\u011bv\u011b tohoto kontinentu dost p\u0159ekvapilo. Zaj\u00edmav\u00e1 je, \u017ee fotogenick\u00e1 m\u016f\u017ee b\u00fdt i pou\u0161\u0165. \u010casto by si \u010dlov\u011bk \u0159ekl, \u017ee krom\u011b p\u00edsku na vyprahl\u00e9 krajin\u011b nem\u016f\u017ee nic b\u00fdt. Za tu dobu co cestuji a nav\u0161t\u00edvil jsem n\u011bkolik pou\u0161t\u00ed jsem se ale p\u0159esv\u011bd\u010dil, \u017ee opak je pravdou. Australskou pou\u0161\u0165 v samotn\u00e9m centru kontinentu charakterizuje \u010derven\u00e1 barva. Zp\u016fsobuje ji mno\u017estv\u00ed \u017eeleza p\u0159\u00edtomn\u00e9ho ve zdej\u0161\u00ed p\u016fd\u011b. Kata Tjuta je skaln\u00ed \u00fatvar nedaleko proslul\u00e9ho monolitu a symbolu Austr\u00e1lie Uluru. Barevnost fotografi\u00ed po\u0159\u00edzen\u00fdch na tomto m\u00edst\u011b m\u011b v\u017edycky udivuje. nejen kombinac\u00ed barev, ale tak\u00e9 jejich jasnost\u00ed.Pokud m\u00e1te r\u00e1di \u010dervenou, mysl\u00edm, \u017ee pr\u00e1v\u011b Kata Tjuta by mohla b\u00fdt va\u0161\u00ed volbou.<\/p>\n","protected":false},"featured_media":7876,"template":"","meta":[],"product_cat":[49],"product_tag":[108,107,208,248,202,386,388,311,246,560,268,269,287,207,561,244,286,204,206,389,385,387,245,253,205,563,520,336,562],"_links":{"self":[{"href":"https:\/\/www.dekorativnifotografie.cz\/dekorativnifoto\/wp-json\/wp\/v2\/product\/7845"}],"collection":[{"href":"https:\/\/www.dekorativnifotografie.cz\/dekorativnifoto\/wp-json\/wp\/v2\/product"}],"about":[{"href":"https:\/\/www.dekorativnifotografie.cz\/dekorativnifoto\/wp-json\/wp\/v2\/types\/product"}],"wp:featuredmedia":[{"embeddable":true,"href":"https:\/\/www.dekorativnifotografie.cz\/dekorativnifoto\/wp-json\/wp\/v2\/media\/7876"}],"wp:attachment":[{"href":"https:\/\/www.dekorativnifotografie.cz\/dekorativnifoto\/wp-json\/wp\/v2\/media?parent=7845"}],"wp:term":[{"taxonomy":"product_cat","embeddable":true,"href":"https:\/\/www.dekorativnifotografie.cz\/dekorativnifoto\/wp-json\/wp\/v2\/product_cat?post=7845"},{"taxonomy":"product_tag","embeddable":true,"href":"https:\/\/www.dekorativnifotografie.cz\/dekorativnifoto\/wp-json\/wp\/v2\/product_tag?post=7845"}],"curies":[{"name":"wp","href":"https:\/\/api.w.org\/{rel}","templated":true}]}}