{"id":2422,"date":"2020-05-08T14:57:07","date_gmt":"2020-05-08T12:57:07","guid":{"rendered":"https:\/\/www.dekorativnifotografie.cz\/dekorativnifoto\/?page_id=2422"},"modified":"2020-11-24T10:09:10","modified_gmt":"2020-11-24T09:09:10","slug":"kategorie","status":"publish","type":"page","link":"https:\/\/www.dekorativnifotografie.cz\/dekorativnifoto\/kategorie\/","title":{"rendered":"Kolekce"},"content":{"rendered":"<p>[vc_section full_width=&#8220;stretch_row&#8220;][vc_row full_width=&#8220;stretch_row_content_no_spaces&#8220; equal_height=&#8220;yes&#8220; content_placement=&#8220;middle&#8220; css=&#8220;.vc_custom_1598733909809{margin-bottom: 40px !important;}&#8220;][vc_column][vc_custom_heading text=&#8220;KOLEKCE&#8220; font_container=&#8220;tag:h1|text_align:center&#8220; use_theme_fonts=&#8220;yes&#8220;][vc_column_text css=&#8220;.vc_custom_1606208947521{margin-right: 350px !important;margin-left: 350px !important;}&#8220;]<\/p>\n<p style=\"text-align: center;\">V m\u00e9 nab\u00eddce naleznete hned n\u011bkolik kolekc\u00ed. V ka\u017ed\u00e9 z nich v\u00e1s \u010dekaj\u00ed pestr\u00e9 fotografie z cel\u00e9ho sv\u011bta. Planeta Zem\u011b je natolik pestr\u00fdm m\u00edstem, \u017ee o dech berouc\u00ed, dekorativn\u00ed z\u00e1b\u011bry nen\u00ed nouze. Prohl\u00e9dn\u011bte si mou galerie, procestujte cel\u00fd sv\u011bt a vyberte si fotoobrazy, kter\u00e9 s v\u00e1mi maxim\u00e1ln\u011b souzn\u00ed. V jejich \u0161pi\u010dkov\u00e9m zpracov\u00e1n\u00ed se na m\u011b a m\u00e9 kolegy m\u016f\u017eete spolehnout. V\u00edtejte v m\u00edst\u011b, kde se va\u0161e sny o kr\u00e1sn\u00e9m interi\u00e9ru stanou skute\u010dnost\u00ed. V\u00edtejte na m\u00edst\u011b, kde v\u00e1\u0161 interi\u00e9r z\u00edsk\u00e1 svou nezam\u011bnitelnou jedine\u010dnost.<\/p>\n<p>[\/vc_column_text][\/vc_column][\/vc_row][vc_row full_width=&#8220;stretch_row_content_no_spaces&#8220; equal_height=&#8220;yes&#8220; content_placement=&#8220;middle&#8220;][vc_column width=&#8220;1\/2&#8243; css=&#8220;.vc_custom_1598733473617{margin-right: 30% !important;margin-left: 30% !important;}&#8220;]<div id=\"ultimate-heading-947669f1d91ede748\" class=\"uvc-heading ult-adjust-bottom-margin ultimate-heading-947669f1d91ede748 uvc-4335  uvc-heading-default-font-sizes\" data-hspacer=\"no_spacer\"  data-halign=\"left\" style=\"text-align:left\"><div class=\"uvc-heading-spacer no_spacer\" style=\"top\"><\/div><div class=\"uvc-main-heading ult-responsive\"  data-ultimate-target='.uvc-heading.ultimate-heading-947669f1d91ede748 h3'  data-responsive-json-new='{\"font-size\":\"\",\"line-height\":\"\"}' ><h3 style=\"--font-weight:theme;color:#34421e;\">KRAJINY<\/h3><\/div><div class=\"uvc-sub-heading ult-responsive\"  data-ultimate-target='.uvc-heading.ultimate-heading-947669f1d91ede748 .uvc-sub-heading '  data-responsive-json-new='{\"font-size\":\"\",\"line-height\":\"\"}'  style=\"font-weight:normal;color:#aaaaaa;\">P\u0159\u00edroda je mocn\u00e1 a moudr\u00e1 kouzelnice, talentovan\u00e1 mal\u00ed\u0159ka i citliv\u00e1 du\u0161e, kter\u00e1 na na\u0161\u00ed planet\u011b vykouzlila nejedno n\u00e1dhern\u00e9 m\u00edsto, vybarvila nespo\u010det dech berouc\u00ed scen\u00e9rii a vdechla pestr\u00e9 emoc\u00ed do \u017eiv\u00e9 i ne\u017eiv\u00e9 p\u0159\u00edrody. Sta\u010d\u00ed se jen rozhl\u00e9dnout a obrazy, jak od nejtalentovan\u011bj\u0161\u00edho um\u011blce uvid\u00edte v\u0161ude kolem v\u00e1s. Fotoobrazy s tematikou krajiny m\u00e1m moc r\u00e1d, proto\u017ee jsou vhodn\u00e9 do ka\u017ed\u00e9ho interi\u00e9ru, do ka\u017ed\u00e9ho druhu m\u00edstnosti, kter\u00e1 se v\u00e1m vybav\u00ed.<\/div><\/div><div class=\" vc_custom_1598537182673 ubtn-ctn-left \"><a class=\"ubtn-link ult-adjust-bottom-margin ubtn-left ubtn-small \" href=\"https:\/\/www.dekorativnifotografie.cz\/dekorativnifoto\/krajiny\/\" title=\"Krajiny\" ><button type=\"button\" id=\"ubtn-9058\"  class=\"ubtn ult-adjust-bottom-margin ult-responsive ubtn-small ubtn-no-hover-bg  none  ubtn-left   tooltip-69f1d91ede7ad\"  data-hover=\"#ffffff\" data-border-color=\"#ad7816\" data-bg=\"rgba(224,224,224,0.01)\" data-hover-bg=\"#ad7816\" data-border-hover=\"#ad7816\" data-shadow-hover=\"\" data-shadow-click=\"none\" data-shadow=\"\" data-shd-shadow=\"\"  data-ultimate-target='#ubtn-9058'  data-responsive-json-new='{\"font-size\":\"\",\"line-height\":\"\"}'  style=\"font-weight:normal;border-radius:0px;border-width:1px;border-color:#ad7816;border-style:solid;background: rgba(224,224,224,0.01);color: #ad7816;\"><span class=\"ubtn-hover\" style=\"background-color:#ad7816\"><\/span><span class=\"ubtn-data ubtn-text \" >ZOBRAZIT NAB\u00cdDKU<\/span><\/button><\/a><\/div>[\/vc_column][vc_column width=&#8220;1\/2&#8243;][vc_single_image image=&#8220;5403&#8243; img_size=&#8220;large&#8220; alignment=&#8220;right&#8220;][\/vc_column][\/vc_row][vc_row full_width=&#8220;stretch_row_content_no_spaces&#8220; equal_height=&#8220;yes&#8220; content_placement=&#8220;middle&#8220;][vc_column width=&#8220;1\/2&#8243;][vc_single_image image=&#8220;5240&#8243; img_size=&#8220;large&#8220;][\/vc_column][vc_column width=&#8220;1\/2&#8243; css=&#8220;.vc_custom_1598733841231{margin-right: 30% !important;margin-left: 30% !important;}&#8220;]<div id=\"ultimate-heading-167669f1d91ede834\" class=\"uvc-heading ult-adjust-bottom-margin ultimate-heading-167669f1d91ede834 uvc-3631  uvc-heading-default-font-sizes\" data-hspacer=\"no_spacer\"  data-halign=\"left\" style=\"text-align:left\"><div class=\"uvc-heading-spacer no_spacer\" style=\"top\"><\/div><div class=\"uvc-main-heading ult-responsive\"  data-ultimate-target='.uvc-heading.ultimate-heading-167669f1d91ede834 h3'  data-responsive-json-new='{\"font-size\":\"\",\"line-height\":\"\"}' ><h3 style=\"--font-weight:theme;color:#34421e;\">KULTURA<\/h3><\/div><div class=\"uvc-sub-heading ult-responsive\"  data-ultimate-target='.uvc-heading.ultimate-heading-167669f1d91ede834 .uvc-sub-heading '  data-responsive-json-new='{\"font-size\":\"\",\"line-height\":\"\"}'  style=\"font-weight:normal;color:#aaaaaa;\">Lid\u00e9 a jejich kulturn\u00ed tradice m\u011b fascinuj\u00ed odjak\u017eiva. Na sv\u00fdch cest\u00e1ch vyhled\u00e1v\u00e1m p\u0159\u00edle\u017eitost, jak se v\u00fdznamn\u00e9 ceremonie s fo\u0165\u00e1kem v ruce z\u00fa\u010dastnit. M\u00e1te kav\u00e1rnu, bar, j\u00f3ga centrum nebo jakoukoliv dal\u0161\u00ed m\u00edstnost, do kter\u00e9 byste r\u00e1di vdechli dynamickou, uvoln\u011bnou, poklidnou, zen nebo exotickou n\u00e1ladu? Mysl\u00edm, \u017ee tato kolekce je pr\u00e1v\u011b pro v\u00e1s. Kulturn\u00ed tradice, um\u011bleck\u00e9 skvosty a odraz na\u0161\u00ed lidsk\u00e9 podstaty do v\u011bc\u00ed, kter\u00e9 vytv\u00e1\u0159\u00edme, jsou skv\u011bl\u00fdm d\u016fkazem kreativn\u00ed du\u0161e lidstva. O to v\u00edc vytv\u00e1\u0159\u00ed fotoobrazy s touto tematikou skv\u011bl\u00fd a harmonizuj\u00edc\u00ed dopln\u011bk interi\u00e9ru, d\u00edky kter\u00e9mu se \u010dasto a r\u00e1di zasn\u00edte.<\/div><\/div><div class=\" vc_custom_1598537161784 ubtn-ctn-left \"><a class=\"ubtn-link ult-adjust-bottom-margin ubtn-left ubtn-small \" href=\"https:\/\/www.dekorativnifotografie.cz\/dekorativnifoto\/kultura\/\" title=\"Kultura\" ><button type=\"button\" id=\"ubtn-8681\"  class=\"ubtn ult-adjust-bottom-margin ult-responsive ubtn-small ubtn-no-hover-bg  none  ubtn-left   tooltip-69f1d91ede857\"  data-hover=\"#ffffff\" data-border-color=\"#ad7816\" data-bg=\"rgba(224,224,224,0.01)\" data-hover-bg=\"#ad7816\" data-border-hover=\"#ad7816\" data-shadow-hover=\"\" data-shadow-click=\"none\" data-shadow=\"\" data-shd-shadow=\"\"  data-ultimate-target='#ubtn-8681'  data-responsive-json-new='{\"font-size\":\"\",\"line-height\":\"\"}'  style=\"font-weight:normal;border-radius:0px;border-width:1px;border-color:#ad7816;border-style:solid;background: rgba(224,224,224,0.01);color: #ad7816;\"><span class=\"ubtn-hover\" style=\"background-color:#ad7816\"><\/span><span class=\"ubtn-data ubtn-text \" >ZOBRAZIT NAB\u00cdDKU<\/span><\/button><\/a><\/div>[\/vc_column][\/vc_row][vc_row full_width=&#8220;stretch_row_content_no_spaces&#8220; equal_height=&#8220;yes&#8220; content_placement=&#8220;middle&#8220;][vc_column width=&#8220;1\/2&#8243; css=&#8220;.vc_custom_1598733473617{margin-right: 30% !important;margin-left: 30% !important;}&#8220;]<div id=\"ultimate-heading-624269f1d91ede88e\" class=\"uvc-heading ult-adjust-bottom-margin ultimate-heading-624269f1d91ede88e uvc-7335  uvc-heading-default-font-sizes\" data-hspacer=\"no_spacer\"  data-halign=\"left\" style=\"text-align:left\"><div class=\"uvc-heading-spacer no_spacer\" style=\"top\"><\/div><div class=\"uvc-main-heading ult-responsive\"  data-ultimate-target='.uvc-heading.ultimate-heading-624269f1d91ede88e h3'  data-responsive-json-new='{\"font-size\":\"\",\"line-height\":\"\"}' ><h3 style=\"--font-weight:theme;color:#34421e;\">FAUNA A FL\u00d3RA<\/h3><\/div><div class=\"uvc-sub-heading ult-responsive\"  data-ultimate-target='.uvc-heading.ultimate-heading-624269f1d91ede88e .uvc-sub-heading '  data-responsive-json-new='{\"font-size\":\"\",\"line-height\":\"\"}'  style=\"font-weight:normal;color:#aaaaaa;\">Sv\u011bt zv\u00ed\u0159at a rostlin miluji, proto\u017ee je tak pestr\u00fd, z\u00e1bavn\u00fd, pozitivn\u00ed a v mnoha p\u0159\u00edpadech i dekorativn\u00ed. Foto obrazem se zv\u00ed\u0159ec\u00ed tematikou bezesporu ud\u011bl\u00e1te radost d\u011btem v jejich pokoj\u00ed\u010dc\u00edch, hod\u00ed se i do \u010dek\u00e1ren a ordinac\u00ed, ale v\u011b\u0159te, \u017ee mnoh\u00e9 obrazy budou skv\u011bl\u00fdm dopl\u0148kem i do va\u0161\u00ed chodby, lo\u017enice nebo ob\u00fdvac\u00edho pokoje. Nebojte se obraz\u016f<br \/>\ns tematikou fauny a fl\u00f3ry. Uvid\u00edte, \u017ee v\u00e1s dok\u00e1\u017eou ob\u011b sf\u00e9ry \u017eivota mile p\u0159ekvapit. Stejn\u011b jako \u010dasto p\u0159ekvapuj\u00ed m\u011b.<\/div><\/div><div class=\" vc_custom_1598537169232 ubtn-ctn-left \"><a class=\"ubtn-link ult-adjust-bottom-margin ubtn-left ubtn-small \" href=\"https:\/\/www.dekorativnifotografie.cz\/dekorativnifoto\/zvirata\/\" title=\"Zv\u00ed\u0159ata\" ><button type=\"button\" id=\"ubtn-6496\"  class=\"ubtn ult-adjust-bottom-margin ult-responsive ubtn-small ubtn-no-hover-bg  none  ubtn-left   tooltip-69f1d91ede8ab\"  data-hover=\"#ffffff\" data-border-color=\"#ad7816\" data-bg=\"rgba(224,224,224,0.01)\" data-hover-bg=\"#ad7816\" data-border-hover=\"#ad7816\" data-shadow-hover=\"\" data-shadow-click=\"none\" data-shadow=\"\" data-shd-shadow=\"\"  data-ultimate-target='#ubtn-6496'  data-responsive-json-new='{\"font-size\":\"\",\"line-height\":\"\"}'  style=\"font-weight:normal;border-radius:0px;border-width:1px;border-color:#ad7816;border-style:solid;background: rgba(224,224,224,0.01);color: #ad7816;\"><span class=\"ubtn-hover\" style=\"background-color:#ad7816\"><\/span><span class=\"ubtn-data ubtn-text \" >ZOBRAZIT NAB\u00cdDKU<\/span><\/button><\/a><\/div>[\/vc_column][vc_column width=&#8220;1\/2&#8243;][vc_single_image image=&#8220;5157&#8243; img_size=&#8220;large&#8220; alignment=&#8220;right&#8220;][\/vc_column][\/vc_row][vc_row full_width=&#8220;stretch_row_content_no_spaces&#8220; equal_height=&#8220;yes&#8220; content_placement=&#8220;middle&#8220;][vc_column width=&#8220;1\/2&#8243;][vc_single_image image=&#8220;5019&#8243; img_size=&#8220;large&#8220;][\/vc_column][vc_column width=&#8220;1\/2&#8243; css=&#8220;.vc_custom_1598733585378{margin-right: 30% !important;margin-left: 30% !important;}&#8220;]<div id=\"ultimate-heading-497669f1d91ede8d8\" class=\"uvc-heading ult-adjust-bottom-margin ultimate-heading-497669f1d91ede8d8 uvc-6555  uvc-heading-default-font-sizes\" data-hspacer=\"no_spacer\"  data-halign=\"left\" style=\"text-align:left\"><div class=\"uvc-heading-spacer no_spacer\" style=\"top\"><\/div><div class=\"uvc-main-heading ult-responsive\"  data-ultimate-target='.uvc-heading.ultimate-heading-497669f1d91ede8d8 h3'  data-responsive-json-new='{\"font-size\":\"\",\"line-height\":\"\"}' ><h3 style=\"--font-weight:theme;color:#34421e;\">PORTR\u00c9TY<\/h3><\/div><div class=\"uvc-sub-heading ult-responsive\"  data-ultimate-target='.uvc-heading.ultimate-heading-497669f1d91ede8d8 .uvc-sub-heading '  data-responsive-json-new='{\"font-size\":\"\",\"line-height\":\"\"}'  style=\"font-weight:normal;color:#aaaaaa;\">Portr\u00e9ty se v interi\u00e9rech objevuj\u00ed ji\u017e odprad\u00e1vna. De facto od doby, kdy \u010dlov\u011bk za\u010dal vid\u011bn\u00ed sv\u011bta vyjad\u0159ovat malbou. Pro m\u011b lidsk\u00e1 tv\u00e1\u0159 odr\u00e1\u017e\u00ed moudrost, pocity, zku\u0161enosti i lidskou podstatu. Nemus\u00edme mluvit, o\u010di v\u0161e \u0159eknou za n\u00e1s. Nav\u00edc jsou lidsk\u00e9 tv\u00e1\u0159e nesm\u00edrn\u011b fotogenick\u00e9. Dobr\u00fd portr\u00e9t tak dok\u00e1\u017ee interi\u00e9r o\u017eivit dal\u0161\u00ed du\u0161\u00ed, kter\u00e1 d\u00edky n\u011bmu do m\u00edstnosti vstoup\u00ed. Mysl\u00edm, \u017ee i portr\u00e9t je skv\u011blou volbou fotoobrazu do nejr\u016fzn\u011bj\u0161\u00edch typ\u016f interi\u00e9ru.<\/div><\/div><div class=\" vc_custom_1598537175174 ubtn-ctn-left \"><a class=\"ubtn-link ult-adjust-bottom-margin ubtn-left ubtn-small \" href=\"https:\/\/www.dekorativnifotografie.cz\/dekorativnifoto\/portrety\/\" title=\"Portr\u00e9ty\" ><button type=\"button\" id=\"ubtn-1659\"  class=\"ubtn ult-adjust-bottom-margin ult-responsive ubtn-small ubtn-no-hover-bg  none  ubtn-left   tooltip-69f1d91ede8f3\"  data-hover=\"#ffffff\" data-border-color=\"#ad7816\" data-bg=\"rgba(224,224,224,0.01)\" data-hover-bg=\"#ad7816\" data-border-hover=\"#ad7816\" data-shadow-hover=\"\" data-shadow-click=\"none\" data-shadow=\"\" data-shd-shadow=\"\"  data-ultimate-target='#ubtn-1659'  data-responsive-json-new='{\"font-size\":\"\",\"line-height\":\"\"}'  style=\"font-weight:normal;border-radius:0px;border-width:1px;border-color:#ad7816;border-style:solid;background: rgba(224,224,224,0.01);color: #ad7816;\"><span class=\"ubtn-hover\" style=\"background-color:#ad7816\"><\/span><span class=\"ubtn-data ubtn-text \" >ZOBRAZIT NAB\u00cdDKU<\/span><\/button><\/a><\/div>[\/vc_column][\/vc_row][\/vc_section]<\/p>\n","protected":false},"excerpt":{"rendered":"<p>[vc_section full_width=&#8220;stretch_row&#8220;][vc_row full_width=&#8220;stretch_row_content_no_spaces&#8220; equal_height=&#8220;yes&#8220; content_placement=&#8220;middle&#8220; css=&#8220;.vc_custom_1598733909809{margin-bottom: 40px !important;}&#8220;][vc_column][vc_custom_heading text=&#8220;KOLEKCE&#8220; font_container=&#8220;tag:h1|text_align:center&#8220; use_theme_fonts=&#8220;yes&#8220;][vc_column_text css=&#8220;.vc_custom_1606208947521{margin-right: 350px !important;margin-left: 350px !important;}&#8220;] V m\u00e9 nab\u00eddce naleznete hned n\u011bkolik kolekc\u00ed. V ka\u017ed\u00e9 z nich v\u00e1s \u010dekaj\u00ed pestr\u00e9 fotografie z cel\u00e9ho sv\u011bta. Planeta Zem\u011b je natolik pestr\u00fdm m\u00edstem, \u017ee o dech berouc\u00ed, dekorativn\u00ed z\u00e1b\u011bry nen\u00ed nouze. Prohl\u00e9dn\u011bte si mou galerie, procestujte cel\u00fd sv\u011bt&hellip;<\/p>\n","protected":false},"author":1,"featured_media":0,"parent":0,"menu_order":0,"comment_status":"closed","ping_status":"closed","template":"","meta":[],"folder":[],"_links":{"self":[{"href":"https:\/\/www.dekorativnifotografie.cz\/dekorativnifoto\/wp-json\/wp\/v2\/pages\/2422"}],"collection":[{"href":"https:\/\/www.dekorativnifotografie.cz\/dekorativnifoto\/wp-json\/wp\/v2\/pages"}],"about":[{"href":"https:\/\/www.dekorativnifotografie.cz\/dekorativnifoto\/wp-json\/wp\/v2\/types\/page"}],"author":[{"embeddable":true,"href":"https:\/\/www.dekorativnifotografie.cz\/dekorativnifoto\/wp-json\/wp\/v2\/users\/1"}],"replies":[{"embeddable":true,"href":"https:\/\/www.dekorativnifotografie.cz\/dekorativnifoto\/wp-json\/wp\/v2\/comments?post=2422"}],"version-history":[{"count":82,"href":"https:\/\/www.dekorativnifotografie.cz\/dekorativnifoto\/wp-json\/wp\/v2\/pages\/2422\/revisions"}],"predecessor-version":[{"id":8813,"href":"https:\/\/www.dekorativnifotografie.cz\/dekorativnifoto\/wp-json\/wp\/v2\/pages\/2422\/revisions\/8813"}],"wp:attachment":[{"href":"https:\/\/www.dekorativnifotografie.cz\/dekorativnifoto\/wp-json\/wp\/v2\/media?parent=2422"}],"wp:term":[{"taxonomy":"folder","embeddable":true,"href":"https:\/\/www.dekorativnifotografie.cz\/dekorativnifoto\/wp-json\/wp\/v2\/folder?post=2422"}],"curies":[{"name":"wp","href":"https:\/\/api.w.org\/{rel}","templated":true}]}}